{"version":"1.0","provider_name":"Poes\u00eda de Costa Rica","provider_url":"https:\/\/poesiadecostarica.com","title":"Frank Rufino - Poes\u00eda de Costa Rica","type":"rich","width":600,"height":338,"html":"<blockquote class=\"wp-embedded-content\" data-secret=\"HvicVYH47e\"><a href=\"https:\/\/poesiadecostarica.com\/2023\/11\/23\/frank-rufino\/\">Frank Rufino<\/a><\/blockquote><iframe sandbox=\"allow-scripts\" security=\"restricted\" src=\"https:\/\/poesiadecostarica.com\/2023\/11\/23\/frank-rufino\/embed\/#?secret=HvicVYH47e\" width=\"600\" height=\"338\" title=\"&#8220;Frank Rufino&#8221; &#8212; Poes\u00eda de Costa Rica\" data-secret=\"HvicVYH47e\" frameborder=\"0\" marginwidth=\"0\" marginheight=\"0\" scrolling=\"no\" class=\"wp-embedded-content\"><\/iframe><script>\n\/*! This file is auto-generated *\/\n!function(d,l){\"use strict\";l.querySelector&&d.addEventListener&&\"undefined\"!=typeof URL&&(d.wp=d.wp||{},d.wp.receiveEmbedMessage||(d.wp.receiveEmbedMessage=function(e){var t=e.data;if((t||t.secret||t.message||t.value)&&!\/[^a-zA-Z0-9]\/.test(t.secret)){for(var s,r,n,a=l.querySelectorAll('iframe[data-secret=\"'+t.secret+'\"]'),o=l.querySelectorAll('blockquote[data-secret=\"'+t.secret+'\"]'),c=new RegExp(\"^https?:$\",\"i\"),i=0;i<o.length;i++)o[i].style.display=\"none\";for(i=0;i<a.length;i++)s=a[i],e.source===s.contentWindow&&(s.removeAttribute(\"style\"),\"height\"===t.message?(1e3<(r=parseInt(t.value,10))?r=1e3:~~r<200&&(r=200),s.height=r):\"link\"===t.message&&(r=new URL(s.getAttribute(\"src\")),n=new URL(t.value),c.test(n.protocol))&&n.host===r.host&&l.activeElement===s&&(d.top.location.href=t.value))}},d.addEventListener(\"message\",d.wp.receiveEmbedMessage,!1),l.addEventListener(\"DOMContentLoaded\",function(){for(var e,t,s=l.querySelectorAll(\"iframe.wp-embedded-content\"),r=0;r<s.length;r++)(t=(e=s[r]).getAttribute(\"data-secret\"))||(t=Math.random().toString(36).substring(2,12),e.src+=\"#?secret=\"+t,e.setAttribute(\"data-secret\",t)),e.contentWindow.postMessage({message:\"ready\",secret:t},\"*\")},!1)))}(window,document);\n\/\/# sourceURL=https:\/\/poesiadecostarica.com\/wp-includes\/js\/wp-embed.min.js\n<\/script>\n","thumbnail_url":"https:\/\/poesiadecostarica.com\/wp-content\/uploads\/2019\/10\/rufino5.jpg","thumbnail_width":600,"thumbnail_height":400,"description":"Francisco de As\u00eds Garc\u00eda Rufino naci\u00f3 en San Jos\u00e9, Costa Rica el 16 de abril de 1965. Se cri\u00f3 en la zona norte del pa\u00eds, en el pueblo de Tilar\u00e1n (La \u201cN\u00e1ralit\u201d de sus poemas y antipoemas)."}